{"id":2448,"date":"2022-07-13T14:17:18","date_gmt":"2022-07-13T17:17:18","guid":{"rendered":"https:\/\/www.pgms.salvador.ba.gov.br\/portalpgms\/?page_id=2448"},"modified":"2022-07-13T14:53:52","modified_gmt":"2022-07-13T17:53:52","slug":"orientacoes-para-a-implementacao-da-nova-lei-de-licitacoes-e-contratos-administrativos-adequacao-do-aparato-administrativo-a-lei-federal-no-14-133-2021","status":"publish","type":"page","link":"https:\/\/www.pgms.salvador.ba.gov.br\/portalpgms\/orientacoes-para-a-implementacao-da-nova-lei-de-licitacoes-e-contratos-administrativos-adequacao-do-aparato-administrativo-a-lei-federal-no-14-133-2021\/","title":{"rendered":"Orienta\u00e7\u00f5es para a Implementa\u00e7\u00e3o da Nova Lei de Licita\u00e7\u00f5es e Contratos Administrativos \u2013 Adequa\u00e7\u00e3o do Aparato Administrativo \u00e0 Lei Federal n\u00ba. 14.133\/2021"},"content":{"rendered":"<p>&nbsp;<\/p>\n<p><a href=\"https:\/\/www.pgms.salvador.ba.gov.br\/portalpgms\/wp-content\/uploads\/2022\/07\/nova_lei_520x520.jpeg\"><img loading=\"lazy\" decoding=\"async\" class=\"size-thumbnail wp-image-2458 alignleft\" src=\"https:\/\/www.pgms.salvador.ba.gov.br\/portalpgms\/wp-content\/uploads\/2022\/07\/nova_lei_520x520-480x480.jpeg\" alt=\"\" width=\"480\" height=\"480\" srcset=\"https:\/\/www.pgms.salvador.ba.gov.br\/portalpgms\/wp-content\/uploads\/2022\/07\/nova_lei_520x520-480x480.jpeg 480w, https:\/\/www.pgms.salvador.ba.gov.br\/portalpgms\/wp-content\/uploads\/2022\/07\/nova_lei_520x520.jpeg 520w\" sizes=\"auto, (max-width: 480px) 100vw, 480px\" \/><\/a>A Nova Lei de Licita\u00e7\u00f5es e Contratos j\u00e1 \u00e9 uma realidade no \u00e2mbito da Administra\u00e7\u00e3o P\u00fablica dos entes federados e passar\u00e1 a ter aplica\u00e7\u00e3o obrigat\u00f3ria a partir de 1\u00ba de abril de 2023.<\/p>\n<p>A partir desta data, a legisla\u00e7\u00e3o anteriormente vigente n\u00e3o poder\u00e1 mais ser utilizada para fundamentar procedimentos de licita\u00e7\u00e3o e contratos no \u00e2mbito dos entes federados.<\/p>\n<p>Nesse contexto, diante da dif\u00edcil tarefa de transi\u00e7\u00e3o das leis, bem como da necessidade premente de adequa\u00e7\u00e3o do aparato administrativo para implementa\u00e7\u00e3o das novas regras, os Procuradores do Munic\u00edpio do Salvador, Catarina Velloso, Eduardo Teles, Fabiana Duarte e Luciana Borba est\u00e3o lan\u00e7ando o e-book \u201cORIENTA\u00c7\u00d5ES PARA A IMPLEMENTA\u00c7\u00c3O DA NOVA LEI DE LICITA\u00c7\u00d5ES E CONTRATOS ADMINISTRATIVOS \u2013 ADEQUA\u00c7\u00c3O DO APARATO ADMINISTRATIVO \u00c0 LEI FEDERAL N\u00ba. 14.133\/2021\u201d, que traz experi\u00eancias extra\u00eddas de alguns entes da federa\u00e7\u00e3o que j\u00e1 avan\u00e7aram no sentido da transi\u00e7\u00e3o e adequa\u00e7\u00e3o ao novo regime legal, bem como pontua os principais dispositivos da lei que depender\u00e3o de regulamenta\u00e7\u00e3o pelo Poder Executivo, buscando reunir orienta\u00e7\u00f5es, em car\u00e1ter sugestivo, destinadas a auxiliar na tarefa de adapta\u00e7\u00e3o da m\u00e1quina administrativa, sobretudo a municipal.<\/p>\n<p>Al\u00e9m de fazer um levantamento sobre os principais dispositivos da lei que depender\u00e3o de regulamenta\u00e7\u00e3o, os Procuradores buscaram, com base em suas experi\u00eancias, antecipar algumas dificuldades que os gestores enfrentar\u00e3o na adapta\u00e7\u00e3o e aplica\u00e7\u00e3o do novo diploma legal, estudando os pontos que j\u00e1 foram discutidos pela doutrina e as posi\u00e7\u00f5es que v\u00eam sendo adotadas, al\u00e9m das decis\u00f5es que j\u00e1 foram publicadas, cientes de que determinados aspectos da lei ter\u00e3o de ser enfrentados ao longo da sua aplica\u00e7\u00e3o.<\/p>\n<p>O trabalho aborda cinco principais temas de destaque na NLLC: Comiss\u00e3o intersetorial e multidisciplinar de transi\u00e7\u00e3o normativa e a implanta\u00e7\u00e3o do projeto-piloto de licita\u00e7\u00e3o; Regulamenta\u00e7\u00e3o dos dispositivos da Nova Lei de Licita\u00e7\u00f5es e Contratos; Agentes P\u00fablicos na NLLC, o Princ\u00edpio da Segrega\u00e7\u00e3o de Fun\u00e7\u00f5es e a Figura do Agente de Contrata\u00e7\u00e3o; Portal Nacional de Compras P\u00fablicas \u2013 PNCP; Aspectos Relevantes trazidos pela NLLC. A nova Lei trouxe interessantes inova\u00e7\u00f5es que, em alguma medida, rompem com a l\u00f3gica isolacionista da Lei Federal n\u00ba 8.666\/1993.<\/p>\n<p>Apesar dos grandes desafios, os entes federados ter\u00e3o que enfrent\u00e1-los o quanto antes, diante da proximidade do prazo final para aplica\u00e7\u00e3o obrigat\u00f3ria da NLLC, regulamentando os pontos necess\u00e1rios e capacitando seus servidores.<\/p>\n<p>O e-book est\u00e1 dispon\u00edvel no link:\u00a0<a href=\"https:\/\/www.pgms.salvador.ba.gov.br\/portalpgms\/wp-content\/uploads\/2018\/04\/Orienta\u00e7\u00f5es_NLLC.pdf\" target=\"_blank\" rel=\"noopener\">Orienta\u00e7\u00f5es para a Implementa\u00e7\u00e3o da Nova Lei de Licita\u00e7\u00f5es e Contratos Administrativos \u2013 Adequa\u00e7\u00e3o do Aparato Administrativo \u00e0 Lei Federal n\u00ba. 14.133\/2021<\/a><\/p>\n","protected":false},"excerpt":{"rendered":"<p>&nbsp; A Nova Lei de Licita\u00e7\u00f5es e Contratos j\u00e1 \u00e9 uma realidade no \u00e2mbito da Administra\u00e7\u00e3o P\u00fablica dos entes federados e passar\u00e1 a ter aplica\u00e7\u00e3o obrigat\u00f3ria a partir de 1\u00ba de abril de 2023. A partir desta data, a legisla\u00e7\u00e3o anteriormente vigente n\u00e3o poder\u00e1 mais&#8230;<\/p>\n","protected":false},"author":1,"featured_media":2458,"parent":0,"menu_order":0,"comment_status":"closed","ping_status":"closed","template":"","meta":{"footnotes":""},"class_list":["post-2448","page","type-page","status-publish","has-post-thumbnail","hentry"],"_links":{"self":[{"href":"https:\/\/www.pgms.salvador.ba.gov.br\/portalpgms\/wp-json\/wp\/v2\/pages\/2448","targetHints":{"allow":["GET"]}}],"collection":[{"href":"https:\/\/www.pgms.salvador.ba.gov.br\/portalpgms\/wp-json\/wp\/v2\/pages"}],"about":[{"href":"https:\/\/www.pgms.salvador.ba.gov.br\/portalpgms\/wp-json\/wp\/v2\/types\/page"}],"author":[{"embeddable":true,"href":"https:\/\/www.pgms.salvador.ba.gov.br\/portalpgms\/wp-json\/wp\/v2\/users\/1"}],"replies":[{"embeddable":true,"href":"https:\/\/www.pgms.salvador.ba.gov.br\/portalpgms\/wp-json\/wp\/v2\/comments?post=2448"}],"version-history":[{"count":8,"href":"https:\/\/www.pgms.salvador.ba.gov.br\/portalpgms\/wp-json\/wp\/v2\/pages\/2448\/revisions"}],"predecessor-version":[{"id":2459,"href":"https:\/\/www.pgms.salvador.ba.gov.br\/portalpgms\/wp-json\/wp\/v2\/pages\/2448\/revisions\/2459"}],"wp:featuredmedia":[{"embeddable":true,"href":"https:\/\/www.pgms.salvador.ba.gov.br\/portalpgms\/wp-json\/wp\/v2\/media\/2458"}],"wp:attachment":[{"href":"https:\/\/www.pgms.salvador.ba.gov.br\/portalpgms\/wp-json\/wp\/v2\/media?parent=2448"}],"curies":[{"name":"wp","href":"https:\/\/api.w.org\/{rel}","templated":true}]}}